{"id":11,"date":"2010-04-01T17:17:26","date_gmt":"2010-04-01T15:17:26","guid":{"rendered":"http:\/\/www.matthiasanton.de\/?page_id=11"},"modified":"2025-10-23T18:19:32","modified_gmt":"2025-10-23T16:19:32","slug":"konzerte","status":"publish","type":"page","link":"https:\/\/www.matthiasanton.de\/?page_id=11","title":{"rendered":"Konzerte &#038; Workshops"},"content":{"rendered":"<p><span style=\"font-size: x-small;\"><span style=\"font-size: small;\"><span style=\"line-height: 19px; -webkit-border-horizontal-spacing: 0px; -webkit-border-vertical-spacing: 0px;\">2025<br \/>\n<\/span><\/span><\/span><\/p>\n<table style=\"height: 1264px;\" border=\"0\" width=\"823\" cellpadding=\"6\" align=\"center\">\n<tbody>\n<tr>\n<td><span style=\"font-size: x-small;\"><span style=\"font-size: small;\"><span style=\"line-height: 19px; -webkit-border-horizontal-spacing: 0px; -webkit-border-vertical-spacing: 0px;\">10.-12.01.25<br \/>\n<\/span><\/span><\/span><\/td>\n<td>Stuttgart, Bauer Studios , Latin Jazz Sinf\u00f3nica, Ganzt\u00e4gig<\/td>\n<\/tr>\n<tr>\n<td><span style=\"font-size: x-small;\"><span style=\"font-size: small;\"><span style=\"line-height: 19px; -webkit-border-horizontal-spacing: 0px; -webkit-border-vertical-spacing: 0px;\">13.-14.02.25<br \/>\n<\/span><\/span><\/span><\/td>\n<td>Frankfurt, HR, Jazzclub &#8211; Keechero, 20.00<\/td>\n<\/tr>\n<tr>\n<td><span style=\"font-size: x-small;\"><span style=\"font-size: small;\"><span style=\"line-height: 19px; -webkit-border-horizontal-spacing: 0px; -webkit-border-vertical-spacing: 0px;\">02.02.25<br \/>\n<\/span><\/span><\/span><\/td>\n<td>Konstanz, Universit\u00e4t, Uni Big Band &#8211; Masterclass, Ganzt\u00e4gig<\/td>\n<\/tr>\n<tr>\n<td><span style=\"font-size: x-small;\"><span style=\"font-size: small;\"><span style=\"line-height: 19px; -webkit-border-horizontal-spacing: 0px; -webkit-border-vertical-spacing: 0px;\">23.02.25<br \/>\n<\/span><\/span><\/span><\/td>\n<td>Vaihingen a.d.Enz, Matinee zu Gunsten Myoli e.V, Bosch Big Band, 11.00<\/td>\n<\/tr>\n<tr>\n<td><span style=\"font-size: x-small;\"><span style=\"font-size: small;\"><span style=\"line-height: 19px; -webkit-border-horizontal-spacing: 0px; -webkit-border-vertical-spacing: 0px;\">07.-09.03.25<br \/>\n<\/span><\/span><\/span><\/td>\n<td>Roggenburg, Kloster, Bosch Big Band &#8211; Probenwochenede, Ganzt\u00e4gig<\/td>\n<\/tr>\n<tr>\n<td><span style=\"font-size: x-small;\"><span style=\"font-size: small;\"><span style=\"line-height: 19px; -webkit-border-horizontal-spacing: 0px; -webkit-border-vertical-spacing: 0px;\">30.03.25<br \/>\n<\/span><\/span><\/span><\/td>\n<td>Renningen, Benefizkonzert f\u00fcr den Verein der Palliativ-Care-Teams im Kreis B\u00f6blingen, Bosch Big Band, 18.00<\/td>\n<\/tr>\n<tr>\n<td><span style=\"font-size: x-small;\"><span style=\"font-size: small;\"><span style=\"line-height: 19px; -webkit-border-horizontal-spacing: 0px; -webkit-border-vertical-spacing: 0px;\">31.05.-01.06.25<br \/>\n<\/span><\/span><\/span><\/td>\n<td>Innsbruck, World Music Festival 2025, Hohnerklang<\/td>\n<\/tr>\n<tr>\n<td><span style=\"font-size: x-small;\"><span style=\"font-size: small;\"><span style=\"line-height: 19px; -webkit-border-horizontal-spacing: 0px; -webkit-border-vertical-spacing: 0px;\">10.07.25<br \/>\n<\/span><\/span><\/span><\/td>\n<td>Stuttgart, Jazz Open, Steve Cathedral Group, 20.00<\/td>\n<\/tr>\n<tr>\n<td><span style=\"font-size: x-small;\"><span style=\"font-size: small;\"><span style=\"line-height: 19px; -webkit-border-horizontal-spacing: 0px; -webkit-border-vertical-spacing: 0px;\">27.07.25<br \/>\n<\/span><\/span><\/span><\/td>\n<td>Schefflenz, Open-Air Matinee, Bosch Big Band, 11.30<\/td>\n<\/tr>\n<tr>\n<td><span style=\"font-size: x-small;\"><span style=\"font-size: small;\"><span style=\"line-height: 19px; -webkit-border-horizontal-spacing: 0px; -webkit-border-vertical-spacing: 0px;\">06.-09.10.25<br \/>\n<\/span><\/span><\/span><\/td>\n<td>Schlitz, Akademie, LaJazzo Hessen &#8211; Arbeitsphase, Ganzt\u00e4gig<\/td>\n<\/tr>\n<tr>\n<td><span style=\"font-size: x-small;\"><span style=\"font-size: small;\"><span style=\"line-height: 19px; -webkit-border-horizontal-spacing: 0px; -webkit-border-vertical-spacing: 0px;\">09.11.25<br \/>\n<\/span><\/span><\/span><\/td>\n<td>Weil der Stadt, Groove Tonight, Steve Cathedral Group, 20.00<\/td>\n<\/tr>\n<tr>\n<td><span style=\"font-size: x-small;\"><span style=\"font-size: small;\"><span style=\"line-height: 19px; -webkit-border-horizontal-spacing: 0px; -webkit-border-vertical-spacing: 0px;\">13.11.25<br \/>\n<\/span><\/span><\/span><\/td>\n<td>Stuttgart, The Nosh, Michael Kersting &amp; Friends \u2013 feat. Anne Czichowsky &amp; Matthias Anton, 20.00<\/td>\n<\/tr>\n<tr>\n<td><span style=\"font-size: x-small;\"><span style=\"font-size: small;\"><span style=\"line-height: 19px; -webkit-border-horizontal-spacing: 0px; -webkit-border-vertical-spacing: 0px;\">15.-23.11.25<br \/>\n<\/span><\/span><\/span><\/td>\n<td>Indien, Bangalore, Bosch Big Band &#8211; Indien Tournee, Ganzt\u00e4gig<\/td>\n<\/tr>\n<tr>\n<td><span style=\"font-size: x-small;\"><span style=\"font-size: small;\"><span style=\"line-height: 19px; -webkit-border-horizontal-spacing: 0px; -webkit-border-vertical-spacing: 0px;\">03.12.25<br \/>\n<\/span><\/span><\/span><\/td>\n<td>Stuttgart, Bix, Steve Cathedral Group, 20.00<\/td>\n<\/tr>\n<tr>\n<td><span style=\"font-size: x-small;\"><span style=\"font-size: small;\"><span style=\"line-height: 19px; -webkit-border-horizontal-spacing: 0px; -webkit-border-vertical-spacing: 0px;\">07.12.25<br \/>\n<\/span><\/span><\/span><\/td>\n<td>Heilbronn, Adventskonzert f\u00fcr B\u00fcrgerstiftung HN e.V., Bosch Big Band, 17.00<\/td>\n<\/tr>\n<tr>\n<td><span style=\"font-size: x-small;\"><span style=\"font-size: small;\"><span style=\"line-height: 19px; -webkit-border-horizontal-spacing: 0px; -webkit-border-vertical-spacing: 0px;\">2024<br \/>\n<\/span><\/span><\/span><\/td>\n<td><\/td>\n<\/tr>\n<tr>\n<td><span style=\"font-size: x-small;\"><span style=\"font-size: small;\"><span style=\"line-height: 19px; -webkit-border-horizontal-spacing: 0px; -webkit-border-vertical-spacing: 0px;\">07.01.24<br \/>\n<\/span><\/span><\/span><\/td>\n<td>Stuttgart, Theaterhaus, Steve Cathedral Group, 20.00<\/td>\n<\/tr>\n<tr>\n<td><span style=\"font-size: x-small;\"><span style=\"font-size: small;\"><span style=\"line-height: 19px; -webkit-border-horizontal-spacing: 0px; -webkit-border-vertical-spacing: 0px;\">13.01.24<br \/>\n<\/span><\/span><\/span><\/td>\n<td>Radolfzell, Milchwerk, Big Band der Hochschule Trossingen, 19.00<\/td>\n<\/tr>\n<tr>\n<td><span style=\"font-size: x-small;\"><span style=\"font-size: small;\"><span style=\"line-height: 19px; -webkit-border-horizontal-spacing: 0px; -webkit-border-vertical-spacing: 0px;\">14.01.24<br \/>\n<\/span><\/span><\/span><\/td>\n<td>Trossingen, Konzerthaus, Big Band der Hochschule Trossingen, 17.00<\/td>\n<\/tr>\n<tr>\n<td><span style=\"font-size: x-small;\"><span style=\"font-size: small;\"><span style=\"line-height: 19px; -webkit-border-horizontal-spacing: 0px; -webkit-border-vertical-spacing: 0px;\">19.01.24<br \/>\n<\/span><\/span><\/span><\/td>\n<td>Wangen, Jazzclub, Lothar Kraft feat. Anne Czichowsky &amp; Matthias Anton, 20.00<\/td>\n<\/tr>\n<tr>\n<td><span style=\"font-size: x-small;\"><span style=\"font-size: small;\"><span style=\"line-height: 19px; -webkit-border-horizontal-spacing: 0px; -webkit-border-vertical-spacing: 0px;\">08.02.24<br \/>\n<\/span><\/span><\/span><\/td>\n<td>Stuttgart, Kiste, Lothar Kraft feat. Anne Czichowsky &amp; Matthias Anton, 20.30<\/td>\n<\/tr>\n<tr>\n<td><span style=\"font-size: x-small;\"><span style=\"font-size: small;\"><span style=\"line-height: 19px; -webkit-border-horizontal-spacing: 0px; -webkit-border-vertical-spacing: 0px;\">01.-03.03.24<br \/>\n<\/span><\/span><\/span><\/td>\n<td>Roggenburg, Arbeitsphase Bosch Big Band<\/td>\n<\/tr>\n<tr>\n<td><span style=\"font-size: x-small;\"><span style=\"font-size: small;\"><span style=\"line-height: 19px; -webkit-border-horizontal-spacing: 0px; -webkit-border-vertical-spacing: 0px;\">04.03.24<br \/>\n<\/span><\/span><\/span><\/td>\n<td>Heilbronn, Jazzclub Cave 61, Playstation, 19.30<\/td>\n<\/tr>\n<tr>\n<td><span style=\"font-size: x-small;\"><span style=\"font-size: small;\"><span style=\"line-height: 19px; -webkit-border-horizontal-spacing: 0px; -webkit-border-vertical-spacing: 0px;\">08.03.24<br \/>\n<\/span><\/span><\/span><\/td>\n<td>Tuttlingen, IKG, Doppelkonzert:Big Band IKG Gymnasium &amp; Bosch Big Band<\/td>\n<\/tr>\n<tr>\n<td><span style=\"font-size: x-small;\"><span style=\"font-size: small;\"><span style=\"line-height: 19px; -webkit-border-horizontal-spacing: 0px; -webkit-border-vertical-spacing: 0px;\">10.03.24<br \/>\n<\/span><\/span><\/span><\/td>\n<td>Ludwigsburg, Scala, Bosch Big Band, 19.00<\/td>\n<\/tr>\n<tr>\n<td><span style=\"font-size: x-small;\"><span style=\"font-size: small;\"><span style=\"line-height: 19px; -webkit-border-horizontal-spacing: 0px; -webkit-border-vertical-spacing: 0px;\">17.03.24<br \/>\n<\/span><\/span><\/span><\/td>\n<td>Waldbronn, Big Band Summit, Bosch Big Band, 12.30<\/td>\n<\/tr>\n<tr>\n<td><span style=\"font-size: x-small;\"><span style=\"font-size: small;\"><span style=\"line-height: 19px; -webkit-border-horizontal-spacing: 0px; -webkit-border-vertical-spacing: 0px;\">24.-28.03.24<br \/>\n<\/span><\/span><\/span><\/td>\n<td>Trossingen, Musikhochschule, Windhoek Festival<\/td>\n<\/tr>\n<tr>\n<td><span style=\"font-size: x-small;\"><span style=\"font-size: small;\"><span style=\"line-height: 19px; -webkit-border-horizontal-spacing: 0px; -webkit-border-vertical-spacing: 0px;\">21.04.24<br \/>\n<\/span><\/span><\/span><\/td>\n<td>Stuttgart, Myopie. e.V., Bosch Big Band, 10.00<\/td>\n<\/tr>\n<tr>\n<td><span style=\"font-size: x-small;\"><span style=\"font-size: small;\"><span style=\"line-height: 19px; -webkit-border-horizontal-spacing: 0px; -webkit-border-vertical-spacing: 0px;\">10.10.24<br \/>\n<\/span><\/span><\/span><\/td>\n<td>Weinstadt, Armer Konrad, Steve Cathedral Group, 20.00<\/td>\n<\/tr>\n<tr>\n<td><span style=\"font-size: x-small;\"><span style=\"font-size: small;\"><span style=\"line-height: 19px; -webkit-border-horizontal-spacing: 0px; -webkit-border-vertical-spacing: 0px;\">08.12.24<br \/>\n<\/span><\/span><\/span><\/td>\n<td>Heilbronn, Adventskonzert, Bosch Big Band, 19.00<\/td>\n<\/tr>\n<tr>\n<td><span style=\"font-size: x-small;\"><span style=\"font-size: small;\"><span style=\"line-height: 19px; -webkit-border-horizontal-spacing: 0px; -webkit-border-vertical-spacing: 0px;\">15.12.24<br \/>\n<\/span><\/span><\/span><\/td>\n<td>Ludwigsburg, Reithalle, Bosch Big Band &#8211; Adventskonzert, 19.00<\/td>\n<\/tr>\n<\/tbody>\n<\/table>\n","protected":false},"excerpt":{"rendered":"<p>2025 10.-12.01.25 Stuttgart, Bauer Studios , Latin Jazz Sinf\u00f3nica, Ganzt\u00e4gig 13.-14.02.25 Frankfurt, HR, Jazzclub &#8211; Keechero, 20.00 02.02.25 Konstanz, Universit\u00e4t, Uni Big Band &#8211; Masterclass, Ganzt\u00e4gig 23.02.25 Vaihingen a.d.Enz, Matinee zu Gunsten Myoli e.V, Bosch Big Band, 11.00 07.-09.03.25 Roggenburg, Kloster, Bosch Big Band &#8211; Probenwochenede, Ganzt\u00e4gig 30.03.25 Renningen, Benefizkonzert f\u00fcr den Verein der Palliativ-Care-Teams [&hellip;]<\/p>\n","protected":false},"author":1,"featured_media":0,"parent":0,"menu_order":4,"comment_status":"closed","ping_status":"open","template":"","meta":[],"_links":{"self":[{"href":"https:\/\/www.matthiasanton.de\/index.php?rest_route=\/wp\/v2\/pages\/11"}],"collection":[{"href":"https:\/\/www.matthiasanton.de\/index.php?rest_route=\/wp\/v2\/pages"}],"about":[{"href":"https:\/\/www.matthiasanton.de\/index.php?rest_route=\/wp\/v2\/types\/page"}],"author":[{"embeddable":true,"href":"https:\/\/www.matthiasanton.de\/index.php?rest_route=\/wp\/v2\/users\/1"}],"replies":[{"embeddable":true,"href":"https:\/\/www.matthiasanton.de\/index.php?rest_route=%2Fwp%2Fv2%2Fcomments&post=11"}],"version-history":[{"count":247,"href":"https:\/\/www.matthiasanton.de\/index.php?rest_route=\/wp\/v2\/pages\/11\/revisions"}],"predecessor-version":[{"id":1521,"href":"https:\/\/www.matthiasanton.de\/index.php?rest_route=\/wp\/v2\/pages\/11\/revisions\/1521"}],"wp:attachment":[{"href":"https:\/\/www.matthiasanton.de\/index.php?rest_route=%2Fwp%2Fv2%2Fmedia&parent=11"}],"curies":[{"name":"wp","href":"https:\/\/api.w.org\/{rel}","templated":true}]}}